{"id":1254,"date":"2022-04-26T11:38:19","date_gmt":"2022-04-26T11:38:19","guid":{"rendered":"http:\/\/calafat.cat\/?page_id=1254"},"modified":"2022-05-11T15:44:05","modified_gmt":"2022-05-11T15:44:05","slug":"biografies-imaginaries","status":"publish","type":"page","link":"https:\/\/calafat.cat\/index.php\/biografies-imaginaries\/","title":{"rendered":"Biografies imagin\u00e0ries"},"content":{"rendered":"\n<div class=\"wp-block-columns alignwide is-layout-flex wp-container-core-columns-is-layout-9d6595d7 wp-block-columns-is-layout-flex\">\n<div class=\"wp-block-column is-layout-flow wp-block-column-is-layout-flow\" style=\"flex-basis:50%\">\n<p>El segon recull de contes de Josep M. Argem\u00ed,&nbsp;<em>Vides secretes<\/em>, recrea suggerents itineraris literaris a trav\u00e9s de les biografies imagin\u00e0ries de dotze personatges singulars, que animats per una especial passi\u00f3, ens duen a territoris que traspassen la frontera de l&#8217;extraordinari.<\/p>\n\n\n\n<p>Josep M. Argem\u00ed, que es va donar a con\u00e8ixer l&#8217;any 1995 amb&nbsp;<em>La f\u00faria dels herois<\/em>, confirma i aferma en el nou llibre,&nbsp;<em>Vides secretes<\/em>, les seues qualitats narratives i la seua capacitat per crear un univers imaginari personal, molt allunyat de la influ\u00e8ncia monzoniana, omnipresent en els contistes joves de fa alguns anys. Josep M. Argerm\u00ed desplega la seua fantasia experta i desimbolta a partir de material hist\u00f2ric, cultural i literari. Una literatura, com la de Perucho o Borges, per posar dos exemples de m\u00f3ns afins al nostre autor, que s&#8217;alimenta de la mateixa literatura. Aquesta actitud culturalista, lluny de limitar-se a ser un simple joc d&#8217;exhibicionisme literari, s&#8217;orienta a explorar les pors i la perplexitat que arrossega l&#8217;home en la seua pretensi\u00f3 de ser home. Els personatges, sovint err\u00e0tics i animats per una obsessi\u00f3, desfilen pels relats, a la recerca d&#8217;alguna cosa no sempre precisa, que a alguns els condueix a la pr\u00f2pia destrucci\u00f3. Un viatge que els duu per vies poc habituals i va m\u00e9s enll\u00e0 dels l\u00edmits de la realitat. Aix\u00ed, el fil\u00f2leg Hudson s&#8217;endinsa a l&#8217;Amazones perseguint una llengua universal, el m\u00edtic Perceval recerca el grial perdut en unes terres llegend\u00e0ries, o la princesa Orsini, obstinada a perpetuar la seua bellesa. Dels relats, confeccionats amb c\u00e0lcul rigor\u00f3s i amb un estil pausat i distant, jo remarcaria l&#8217;habilitat de Josep M. Argerm\u00ed per elaborar climes inquietants, personatges enigm\u00e0tics i l&#8217; espectacle violent i al\u00b7lucinant de la natura.<\/p>\n\n\n\n<p>EL TEMPS, n\u00fam. 735, p\u00e0g. 69, 20\/07\/98<\/p>\n\n\n\n<p>Descarrega&#8217;t l&#8217;original:\u00a0<img decoding=\"async\" src=\"http:\/\/calafat.cat\/modules\/file\/icons\/application-pdf.png\" alt=\"PDF icon\"><a href=\"http:\/\/calafat.cat\/sites\/default\/files\/biografies-imaginaries.pdf\">biografies-imaginaries.pdf<\/a><\/p>\n\n\n\n<p><a rel=\"noreferrer noopener\" href=\"http:\/\/calafat.cat\/#facebook\" target=\"_blank\">Facebook<\/a>\u00a0<a rel=\"noreferrer noopener\" href=\"http:\/\/calafat.cat\/#twitter\" target=\"_blank\">Twitter<\/a>\u00a0<a href=\"https:\/\/www.addtoany.com\/share#url=http%3A%2F%2Fcalafat.cat%2Farticles%2Fbiografies-imaginaries&amp;title=Biografies%20imagin%C3%A0ries\">\u00a0Comparteix a<\/a><\/p>\n\n\n\n<p>Articles recents:\u00a0<\/p>\n\n\n\n<p><a href=\"http:\/\/calafat.cat\/index.php\/el-cami-de-la-poesia-valenciana-dels-setanta-fins-ara\/\" data-type=\"page\" data-id=\"1052\">El cam\u00ed de la poesia valenciana dels setanta fins ara<\/a><\/p>\n\n\n\n<p><a href=\"http:\/\/calafat.cat\/index.php\/pulsions-en-un-moviment-permament\/\" data-type=\"page\" data-id=\"1061\">Pulsions en un moviment permament<\/a><\/p>\n<\/div>\n\n\n\n<div class=\"wp-block-column is-layout-flow wp-block-column-is-layout-flow\" style=\"flex-basis:50%\">\n<figure class=\"wp-block-image size-full\"><img loading=\"lazy\" decoding=\"async\" width=\"379\" height=\"240\" src=\"http:\/\/calafat.cat\/wp-content\/uploads\/2022\/05\/biografies-imaginaries-2.jpeg\" alt=\"\" class=\"wp-image-2984\" srcset=\"https:\/\/calafat.cat\/wp-content\/uploads\/2022\/05\/biografies-imaginaries-2.jpeg 379w, https:\/\/calafat.cat\/wp-content\/uploads\/2022\/05\/biografies-imaginaries-2-300x190.jpeg 300w\" sizes=\"auto, (max-width: 379px) 100vw, 379px\" \/><figcaption>Josep Maria Argem\u00ed. Font: xiptv.cat<br><br>Vides secretes. Josep Maria Argem\u00ed. Col\u00b7lecci\u00f3. \u00abNarratives\u00bb, 57. Editorial 3i4. Val\u00e8ncia, 1998. 189 p\u00e0gs.<br><br>Etiquetes:\u00a0<a href=\"http:\/\/calafat.cat\/index.php\/1998-2\/\" data-type=\"page\" data-id=\"2609\"> 1998<\/a> <a href=\"http:\/\/calafat.cat\/index.php\/publicat-a\/el-temps\/\" data-type=\"page\" data-id=\"110\">El Temps<\/a> <a href=\"http:\/\/calafat.cat\/index.php\/per-generes\/narrativa\/\" data-type=\"page\" data-id=\"94\">Narrativa<\/a><\/figcaption><\/figure>\n<\/div>\n<\/div>\n","protected":false},"excerpt":{"rendered":"<p>El segon recull de contes de Josep M. Argem\u00ed,&nbsp;Vides secretes, recrea suggerents itineraris literaris a trav\u00e9s de les biografies imagin\u00e0ries de dotze personatges singulars, que animats per una especial passi\u00f3, ens duen a territoris que traspassen la frontera de l&#8217;extraordinari. Josep M. Argem\u00ed, que es va donar a con\u00e8ixer l&#8217;any 1995 amb&nbsp;La f\u00faria dels herois, &#8230; <a title=\"Biografies imagin\u00e0ries\" class=\"read-more\" href=\"https:\/\/calafat.cat\/index.php\/biografies-imaginaries\/\" aria-label=\"M\u00e1s en Biografies imagin\u00e0ries\">Leer m\u00e1s<\/a><\/p>\n","protected":false},"author":1,"featured_media":0,"parent":0,"menu_order":0,"comment_status":"closed","ping_status":"closed","template":"","meta":{"footnotes":""},"class_list":["post-1254","page","type-page","status-publish"],"_links":{"self":[{"href":"https:\/\/calafat.cat\/index.php\/wp-json\/wp\/v2\/pages\/1254","targetHints":{"allow":["GET"]}}],"collection":[{"href":"https:\/\/calafat.cat\/index.php\/wp-json\/wp\/v2\/pages"}],"about":[{"href":"https:\/\/calafat.cat\/index.php\/wp-json\/wp\/v2\/types\/page"}],"author":[{"embeddable":true,"href":"https:\/\/calafat.cat\/index.php\/wp-json\/wp\/v2\/users\/1"}],"replies":[{"embeddable":true,"href":"https:\/\/calafat.cat\/index.php\/wp-json\/wp\/v2\/comments?post=1254"}],"version-history":[{"count":2,"href":"https:\/\/calafat.cat\/index.php\/wp-json\/wp\/v2\/pages\/1254\/revisions"}],"predecessor-version":[{"id":2986,"href":"https:\/\/calafat.cat\/index.php\/wp-json\/wp\/v2\/pages\/1254\/revisions\/2986"}],"wp:attachment":[{"href":"https:\/\/calafat.cat\/index.php\/wp-json\/wp\/v2\/media?parent=1254"}],"curies":[{"name":"wp","href":"https:\/\/api.w.org\/{rel}","templated":true}]}}