{"id":1896,"date":"2022-04-28T09:52:03","date_gmt":"2022-04-28T09:52:03","guid":{"rendered":"http:\/\/calafat.cat\/?page_id=1896"},"modified":"2022-05-19T12:31:04","modified_gmt":"2022-05-19T12:31:04","slug":"retrat-dun-assassi-del-regim","status":"publish","type":"page","link":"https:\/\/calafat.cat\/index.php\/retrat-dun-assassi-del-regim\/","title":{"rendered":"Retrat d&#8217;un assass\u00ed del r\u00e8gim"},"content":{"rendered":"\n<div class=\"wp-block-columns alignwide is-layout-flex wp-container-core-columns-is-layout-9d6595d7 wp-block-columns-is-layout-flex\">\n<div class=\"wp-block-column is-layout-flow wp-block-column-is-layout-flow\" style=\"flex-basis:50%\">\n<p>A <em>Alfons XIV. Un crim d&#8217;estat<\/em>, premi Sant Jordi, Lu\u00eds-Anton Baulenas analitza els m\u00e8todes operatius i els serveis secrets de la pol\u00edtica de Franco.<\/p>\n\n\n\n<p>Aquest \u00e9s un viatge a les clavegueres del franquisme. L&#8217;autor combina amb una calculada precisi\u00f3 ficci\u00f3 i realitat, acci\u00f3 i intriga, per narrar els tripijocs del franquisme. A partir d&#8217;un fet real, l&#8217;accident que pat\u00ed Franco l&#8217;any 1962, i la l\u00f2gica preocupaci\u00f3 per resoldre la perpetuaci\u00f3 del r\u00e8gim, el novel\u00b7lista juga amb la possibilitat de l&#8217;exist\u00e8ncia d&#8217;un fill leg\u00edtim, per\u00f2 desconegut, d&#8217;Alfons XIII. En les ir\u00f2niques discussions que aquest personatge mant\u00e9 amb el general Pozos surten amb tota l&#8217;acolorida ret\u00f2rica del moment els t\u00f2pics que alimentaven la ideologia del franquisme.<\/p>\n\n\n\n<p>En aquest ambient, l&#8217;autor davalla als soterranis del poder per tal de radiografiar els desequilibris mentals dels seus components. Un univers que es mou entre l&#8217;\u00e8pica i la psicopatologia. Per\u00f2 l&#8217;obra tamb\u00e9 narra la fidelitat i la l\u00f2gica implacable dels cossos repressius que utilitza i destrossa els homes en nom d&#8217;un discurs basat en la missi\u00f3 d&#8217;amansir la rebel\u00b7li\u00f3 cong\u00e8nita dels espanyols.<\/p>\n\n\n\n<p>Per\u00f2 la novel\u00b7la va m\u00e9s enll\u00e0 de la descripci\u00f3 dels m\u00e8todes operatius dels serveis secrets i de la pol\u00edtica del general\u00edssim. L&#8217;encert de la novel\u00b7la \u00e9s el retrat d&#8217;un sicari, el capit\u00e0 Tutusaus. Baulenas ha sabut penetrar en els ressorts mentals del capit\u00e0 Tutusaus, un home d&#8217;una fidelitat gran\u00edtica a l&#8217;ideari de l&#8217;estat. Un personatge de grans limitacions mentals, sense una vida personal, que sap que m\u00e9s tard o m\u00e9s d&#8217;hora correr\u00e0 la mateixa sort que les seues v\u00edctimes. Per ell la vida \u00e9s un escenari inh\u00f2spit. L&#8217;\u00fanic que li pertany s\u00f3n les v\u00edctimes, i per aix\u00f2 prepara els rituals de la mort.<\/p>\n\n\n\n<p>Per conduir efica\u00e7ment la novel\u00b7la, l&#8217;autor desplega un estil distanciat i h\u00e0bil al servei d&#8217;una estructura lineal, puntejada pels records de Tutusaus. Potser els punts m\u00e9s febles s\u00f3n aquells que per la voluntat d&#8217;alleugerir l&#8217;atmosfera asfixiant que envolta el capit\u00e0 duen el narrador a desenvolupar tota una s\u00e8rie de persecucions i fugides en el m\u00e9s pur estil polic\u00edac, amb una clara intencionalitat grotesca, remarcada per la pres\u00e8ncia d&#8217;un esguerrat i una boja inofensiva. <em>Alfons XIV. Un crim d&#8217;estat<\/em>, en definitiva, demostra l&#8217;evoluci\u00f3 progressiva de Baulenas que el condueix a explorar temes cada vegada m\u00e9s complexos.<\/p>\n\n\n\n<p>EL TEMPS, n\u00fam. 671, p\u00e0g. 87, 28\/04\/1997 <\/p>\n\n\n\n<p>Descarrega&#8217;t l&#8217;original:\u00a0<img decoding=\"async\" src=\"http:\/\/calafat.cat\/modules\/file\/icons\/application-pdf.png\" alt=\"PDF icon\"><a href=\"http:\/\/calafat.cat\/sites\/default\/files\/retrat-d-un-assassi-del-regim.pdf\">retrat-d-un-assassi-del-regim.pdf<\/a><\/p>\n\n\n\n<p><a rel=\"noreferrer noopener\" href=\"http:\/\/calafat.cat\/#facebook\" target=\"_blank\">Facebook<\/a>\u00a0<a rel=\"noreferrer noopener\" href=\"http:\/\/calafat.cat\/#twitter\" target=\"_blank\">Twitter<\/a>\u00a0<a href=\"https:\/\/www.addtoany.com\/share#url=http%3A%2F%2Fcalafat.cat%2Farticles%2Fretrat-d-un-assassi-del-regim&amp;title=Retrat%20d%27un%20assass%C3%AD%20del%20r%C3%A8gim\">\u00a0Comparteix a<\/a><\/p>\n\n\n\n<p>Articles recents:\u00a0<\/p>\n\n\n\n<p><a href=\"http:\/\/calafat.cat\/index.php\/el-teatre-de-manuel-la-tralla-que-allibera-4\/\" data-type=\"page\" data-id=\"1582\">El teatre de Manuel: la tralla que allibera<\/a><\/p>\n\n\n\n<p><a href=\"http:\/\/calafat.cat\/index.php\/lunivers-dens-de-lalfabet-2\/\" data-type=\"page\" data-id=\"2010\">L\u2019univers dens de l\u2019alfabet<\/a><\/p>\n\n\n\n<p><a href=\"http:\/\/calafat.cat\/index.php\/els-estrats-profunds-de-limaginari-de-soria\/\" data-type=\"page\" data-id=\"1982\">Els estrats profunds de l\u2019imaginari de S\u00f2ria<\/a><\/p>\n<\/div>\n\n\n\n<div class=\"wp-block-column is-layout-flow wp-block-column-is-layout-flow\" style=\"flex-basis:50%\">\n<figure class=\"wp-block-image size-full\"><img loading=\"lazy\" decoding=\"async\" width=\"379\" height=\"213\" src=\"http:\/\/calafat.cat\/wp-content\/uploads\/2022\/05\/retrat-d-un-assassi-del-regim-2.jpeg\" alt=\"\" class=\"wp-image-4014\" srcset=\"https:\/\/calafat.cat\/wp-content\/uploads\/2022\/05\/retrat-d-un-assassi-del-regim-2.jpeg 379w, https:\/\/calafat.cat\/wp-content\/uploads\/2022\/05\/retrat-d-un-assassi-del-regim-2-300x169.jpeg 300w\" sizes=\"auto, (max-width: 379px) 100vw, 379px\" \/><figcaption>Llu\u00eds-Anton Baulenas<br><br>Alfons XIV. Un crim d&#8217;estat. Llu\u00eds-Anton Baulenas. Editorial Columna. Barcelona, 1997. 384 p\u00e0gs.<br><br>Etiquetes:\u00a0<a href=\"http:\/\/calafat.cat\/index.php\/1997-2\/\" data-type=\"page\" data-id=\"3980\">1997<\/a> <a href=\"http:\/\/calafat.cat\/index.php\/publicat-a\/el-temps\/\" data-type=\"page\" data-id=\"110\">El Temps<\/a> <a href=\"http:\/\/calafat.cat\/index.php\/per-generes\/narrativa\/\" data-type=\"page\" data-id=\"94\">Narrativa<\/a><\/figcaption><\/figure>\n<\/div>\n<\/div>\n","protected":false},"excerpt":{"rendered":"<p>A Alfons XIV. Un crim d&#8217;estat, premi Sant Jordi, Lu\u00eds-Anton Baulenas analitza els m\u00e8todes operatius i els serveis secrets de la pol\u00edtica de Franco. Aquest \u00e9s un viatge a les clavegueres del franquisme. L&#8217;autor combina amb una calculada precisi\u00f3 ficci\u00f3 i realitat, acci\u00f3 i intriga, per narrar els tripijocs del franquisme. A partir d&#8217;un fet &#8230; <a title=\"Retrat d&#8217;un assass\u00ed del r\u00e8gim\" class=\"read-more\" href=\"https:\/\/calafat.cat\/index.php\/retrat-dun-assassi-del-regim\/\" aria-label=\"M\u00e1s en Retrat d&#8217;un assass\u00ed del r\u00e8gim\">Leer m\u00e1s<\/a><\/p>\n","protected":false},"author":1,"featured_media":0,"parent":0,"menu_order":0,"comment_status":"closed","ping_status":"closed","template":"","meta":{"footnotes":""},"class_list":["post-1896","page","type-page","status-publish"],"_links":{"self":[{"href":"https:\/\/calafat.cat\/index.php\/wp-json\/wp\/v2\/pages\/1896","targetHints":{"allow":["GET"]}}],"collection":[{"href":"https:\/\/calafat.cat\/index.php\/wp-json\/wp\/v2\/pages"}],"about":[{"href":"https:\/\/calafat.cat\/index.php\/wp-json\/wp\/v2\/types\/page"}],"author":[{"embeddable":true,"href":"https:\/\/calafat.cat\/index.php\/wp-json\/wp\/v2\/users\/1"}],"replies":[{"embeddable":true,"href":"https:\/\/calafat.cat\/index.php\/wp-json\/wp\/v2\/comments?post=1896"}],"version-history":[{"count":3,"href":"https:\/\/calafat.cat\/index.php\/wp-json\/wp\/v2\/pages\/1896\/revisions"}],"predecessor-version":[{"id":4019,"href":"https:\/\/calafat.cat\/index.php\/wp-json\/wp\/v2\/pages\/1896\/revisions\/4019"}],"wp:attachment":[{"href":"https:\/\/calafat.cat\/index.php\/wp-json\/wp\/v2\/media?parent=1896"}],"curies":[{"name":"wp","href":"https:\/\/api.w.org\/{rel}","templated":true}]}}