{"id":2609,"date":"2022-05-10T15:12:05","date_gmt":"2022-05-10T15:12:05","guid":{"rendered":"http:\/\/calafat.cat\/?page_id=2609"},"modified":"2022-05-23T09:59:28","modified_gmt":"2022-05-23T09:59:28","slug":"1998-2","status":"publish","type":"page","link":"https:\/\/calafat.cat\/index.php\/1998-2\/","title":{"rendered":"1998"},"content":{"rendered":"\n<p><a href=\"http:\/\/calafat.cat\/index.php\/actes-del-primer-simposi-internacional-de-narrativa-breu\/\" data-type=\"page\" data-id=\"1250\">Actes del primer simposi internacional de narrativa breu<\/a><\/p>\n\n\n\n<figure class=\"wp-block-image size-full\"><img loading=\"lazy\" decoding=\"async\" width=\"50\" height=\"50\" src=\"http:\/\/calafat.cat\/wp-content\/uploads\/2022\/05\/actes-del-primer-simposi-internacional-de-narrativa-breu.jpeg\" alt=\"\" class=\"wp-image-2610\"\/><figcaption>La literatura catalana moderna compta amb una hist\u00f2ria de narrativa breu molt estimable. Aquest inter\u00e8s dels narradors no sempre ha tingut el mateix inter\u00e8s per la cr\u00edtica.<\/figcaption><\/figure>\n\n\n\n<p><a href=\"http:\/\/calafat.cat\/index.php\/anatomia-de-la-decadencia\/\" data-type=\"page\" data-id=\"1252\">Anatomia de la decad\u00e8ncia<\/a><\/p>\n\n\n\n<figure class=\"wp-block-image size-full\"><img loading=\"lazy\" decoding=\"async\" width=\"50\" height=\"38\" src=\"http:\/\/calafat.cat\/wp-content\/uploads\/2022\/05\/anatomia-de-la-decadencia-1.jpeg\" alt=\"\" class=\"wp-image-2611\"\/><figcaption>L&#8217;\u00faltima novel\u00b7la d&#8217;Ant\u00f3nio Lobo Antunes presenta a trav\u00e9s de la decad\u00e8ncia d&#8217;una finca i d&#8217;un ministre dels temps de Salazar la corrupci\u00f3 pol\u00edtica del r\u00e8gim dictatorial de Portugal fins a la seua dissoluci\u00f3 i la seua incid\u00e8ncia directa en uns personatges marcats per la solitud.<\/figcaption><\/figure>\n\n\n\n<p><a href=\"http:\/\/calafat.cat\/index.php\/biografies-imaginaries\/\">Biografies imagin\u00e0ries<\/a><\/p>\n\n\n\n<figure class=\"wp-block-image size-full\"><img loading=\"lazy\" decoding=\"async\" width=\"50\" height=\"32\" src=\"http:\/\/calafat.cat\/wp-content\/uploads\/2022\/05\/red.jpeg\" alt=\"\" class=\"wp-image-2612\"\/><figcaption>El segon recull de contes de Josep M. Argem\u00ed,&nbsp;<em>Vides secretes<\/em>, recrea suggerents itineraris literaris a trav\u00e9s de les biografies imagin\u00e0ries de dotze personatges singulars, que animats per una especial passi\u00f3, ens duen a territoris que traspassen la frontera de l&#8217;extraordinari.<\/figcaption><\/figure>\n\n\n\n<p><a href=\"http:\/\/calafat.cat\/index.php\/ciutat-i-literatura-2\/\">Ciutat i literatura<\/a><\/p>\n\n\n\n<figure class=\"wp-block-image size-full\"><img loading=\"lazy\" decoding=\"async\" width=\"50\" height=\"33\" src=\"http:\/\/calafat.cat\/wp-content\/uploads\/2022\/05\/ciutat-i-literatura-2.jpeg\" alt=\"\" class=\"wp-image-2613\"\/><figcaption>Recull de diversos treballs sobre els usos que la societat catalana ha fet del seu patrimoni literari.<\/figcaption><\/figure>\n\n\n\n<p><a href=\"http:\/\/calafat.cat\/index.php\/dues-primeres-noveles\/\" data-type=\"page\" data-id=\"2652\">Dues primeres novel\u00b7les<\/a><\/p>\n\n\n\n<figure class=\"wp-block-image size-full\"><img loading=\"lazy\" decoding=\"async\" width=\"50\" height=\"35\" src=\"http:\/\/calafat.cat\/wp-content\/uploads\/2022\/05\/dues-primeres-novel-les-2.jpeg\" alt=\"\" class=\"wp-image-2614\"\/><figcaption>Josep M. Fonalleras i Jordi Ribas, han triat per a la seua primera incursi\u00f3 en el camp de la novel\u00b7la l\u2019estrat\u00e8gia de la brevetat.&nbsp;<em>La millor guerra del m\u00f3n<\/em>, de Josep M.<\/figcaption><\/figure>\n\n\n\n<p><a href=\"http:\/\/calafat.cat\/index.php\/el-coleccionista\/\" data-type=\"page\" data-id=\"2654\">El col\u00b7leccionista d&#8217;errors<\/a><\/p>\n\n\n\n<figure class=\"wp-block-image size-full\"><img loading=\"lazy\" decoding=\"async\" width=\"50\" height=\"50\" src=\"http:\/\/calafat.cat\/wp-content\/uploads\/2022\/05\/el-col-leccionista-d-errors-21.jpeg\" alt=\"\" class=\"wp-image-2615\"\/><figcaption>Annibal Probus decideix un bon dia d&#8217;abandonar-ho tot. S&#8217;instal\u00b7la en la torre dels avis, envoltada de finques urbanes. Des de llavors la seua ocupaci\u00f3 predilecta ser\u00e0 la mandra, la col\u00b7lecci\u00f3 d&#8217;errors i la contemplaci\u00f3 del canvi continu que li proporciona l&#8217;espectacle de la vida quotidiana.<\/figcaption><\/figure>\n\n\n\n<p><a href=\"http:\/\/calafat.cat\/index.php\/el-ilarg-cami-de-lluis-alpera\/\">El Ilarg cam\u00ed de Llu\u00eds Alpera<\/a><\/p>\n\n\n\n<figure class=\"wp-block-image size-full\"><img loading=\"lazy\" decoding=\"async\" width=\"50\" height=\"49\" src=\"http:\/\/calafat.cat\/wp-content\/uploads\/2022\/05\/el-llarg-cami-de-lluis-alpera2.jpeg\" alt=\"\" class=\"wp-image-2616\"\/><figcaption>Amb la publicaci\u00f3 de l&#8217;obra po\u00e8tica completa de Llu\u00eds Alpera es d\u00f3na cim a la divulgaci\u00f3 d&#8217;un dels poetes m\u00e9s solvents de les nostres lletres.<\/figcaption><\/figure>\n\n\n\n<p><a href=\"http:\/\/calafat.cat\/index.php\/el-secret-de-la-infelicitat-2\/\">El secret de la infelicitat<\/a><\/p>\n\n\n\n<figure class=\"wp-block-image size-full\"><img loading=\"lazy\" decoding=\"async\" width=\"50\" height=\"50\" src=\"http:\/\/calafat.cat\/wp-content\/uploads\/2022\/05\/el-secret-de-la-infelicitat-1-1.jpeg\" alt=\"\" class=\"wp-image-2617\"\/><figcaption>Una soltera d&#8217;una trentena d&#8217;anys viu en un pis desordenat, est\u00e0 capficada per trobar parella i t\u00e9 una mare neur\u00f2tica i alliberada. Un bon dia decideix d&#8217;escriure un dietari en qu\u00e8 anota amb tota mena de detalls les circumst\u00e0ncies de la seua vi-da quotidiana i les relacions que mant\u00e9 amb el m\u00f3n.<\/figcaption><\/figure>\n\n\n\n<p><a href=\"http:\/\/calafat.cat\/index.php\/el-tremolor-del-record-i-la-caricia-2\/\">El tremolor del record i la car\u00edcia<\/a><\/p>\n\n\n\n<figure class=\"wp-block-image size-full\"><img loading=\"lazy\" decoding=\"async\" width=\"50\" height=\"37\" src=\"http:\/\/calafat.cat\/wp-content\/uploads\/2022\/05\/el-tremolor-del-record-i-la-cari\u0301cia1.redimensionada.jpg\" alt=\"\" class=\"wp-image-2618\"\/><figcaption>El poeta Gaspar Ja\u00e9n, amb senzillesa i sorprenent claredat, parla del temps, de l\u2019amor i de la p\u00e8rdua de les coses estimades en el seu darrer llibre,&nbsp;<em>Del temps present<\/em>, una s\u00edntesi i una ampliaci\u00f3 alhora de les preocupacions ja expressades en llibres anteriors per aquest poeta d\u2019Elx.<\/figcaption><\/figure>\n\n\n\n<p><a href=\"http:\/\/calafat.cat\/index.php\/els-camins-plurals-de-la-ficcio-2\/\">Els camins plurals de la ficci\u00f3<\/a><\/p>\n\n\n\n<figure class=\"wp-block-image size-full\"><img loading=\"lazy\" decoding=\"async\" width=\"50\" height=\"41\" src=\"http:\/\/calafat.cat\/wp-content\/uploads\/2022\/05\/els-camins-plurals-de-la-ficcio-3.jpeg\" alt=\"\" class=\"wp-image-2619\"\/><figcaption>Les novetats que publiquen els autors valencians aquesta primavera s\u00f3n atractives i variades. Un any m\u00e9s la novel\u00b7la hist\u00f2rica t\u00e9 un pes fort en els narradors valencians.<\/figcaption><\/figure>\n\n\n\n<p><a href=\"http:\/\/calafat.cat\/index.php\/ntroduccio-a-olga-de-chiara-zocchi\/\">Introducci\u00f3 a \u00abOlga\u00bb de Chiara Zocchi<\/a><\/p>\n\n\n\n<figure class=\"wp-block-image size-full\"><img loading=\"lazy\" decoding=\"async\" width=\"50\" height=\"50\" src=\"http:\/\/calafat.cat\/wp-content\/uploads\/2022\/05\/introduccio-a-olga-de-chiara-zocchi-1.jpeg\" alt=\"\" class=\"wp-image-2620\"\/><figcaption>La infantesa i l&#8217;adolesc\u00e8ncia han sigut sempre una permanent font d&#8217;inspiraci\u00f3 per als escriptors. En la novel\u00b7la cl\u00e0ssica es presentaven amb un cert distanciament; normalment, corresponia a un protagonista adult evocar els seus records d&#8217;infantesa.<\/figcaption><\/figure>\n\n\n\n<p><a href=\"http:\/\/calafat.cat\/index.php\/lespill-que-ens-posseix\/\">L&#8217;espill que ens posseix<\/a><\/p>\n\n\n\n<figure class=\"wp-block-image size-full\"><img loading=\"lazy\" decoding=\"async\" width=\"50\" height=\"50\" src=\"http:\/\/calafat.cat\/wp-content\/uploads\/2022\/05\/lespill-que-ens-posseix1.jpeg\" alt=\"\" class=\"wp-image-2621\"\/><figcaption>El llibre de poemes&nbsp;<em>Cercles de la mirada<\/em>, de Vicent Alonso, va ser guardonat amb l\u2019\u00faltim premi Ausi\u00e0s March de Gandia. Els poemes d\u2019aquest llibre, de factura notable, escrits amb un estil despullat i intensament l\u00edric, s\u00f3n suggerents, emotius i desperten la sensibilitat del lector.<\/figcaption><\/figure>\n\n\n\n<p><a href=\"http:\/\/calafat.cat\/index.php\/la-forca-indomita-de-la-passio\/\">La for\u00e7a ind\u00f2mita de la passi\u00f3<\/a><\/p>\n\n\n\n<figure class=\"wp-block-image size-full\"><img loading=\"lazy\" decoding=\"async\" width=\"50\" height=\"33\" src=\"http:\/\/calafat.cat\/wp-content\/uploads\/2022\/05\/la-forca-indomita-de-la-passio-2.jpeg\" alt=\"\" class=\"wp-image-2622\"\/><figcaption>Joan Francesc Mira, en els notables relats de&nbsp;<em>Quatre q\u00fcestions d&#8217;amor<\/em>, combina la cr\u00f2nica i la ficci\u00f3 per narrar la diversitat del comportament hum\u00e0 quan es viu la sexualitat o la passi\u00f3 amorosa com un fet extraordinari i diferent a les convencions dominants en cada moment.<\/figcaption><\/figure>\n\n\n\n<p><a href=\"http:\/\/calafat.cat\/index.php\/la-narrativa-breu-i-merce-rodoreda\/\">La narrativa breu i Merc\u00e8 Rodoreda<\/a><\/p>\n\n\n\n<figure class=\"wp-block-image size-full\"><img loading=\"lazy\" decoding=\"async\" width=\"50\" height=\"39\" src=\"http:\/\/calafat.cat\/wp-content\/uploads\/2022\/05\/actes-del-primer-simposi-internacional-de-narrativa-breu-2.jpeg\" alt=\"\" class=\"wp-image-2623\"\/><figcaption>Amb una rapidesa inhabitual i que \u00e9s molt d\u2019agrair s\u2019han publicat les&nbsp;<em>Actes del Primer Simposi Internacional de Narrativa Breu<\/em>, celebrat a Val\u00e8ncia els dies 28, 29 i 30 d\u2019abril de 1998.<\/figcaption><\/figure>\n\n\n\n<p><a href=\"http:\/\/calafat.cat\/index.php\/la-prosa-purificant-de-villalonga-2\/\">La prosa purificant de Villalonga<\/a><\/p>\n\n\n\n<figure class=\"wp-block-image size-full\"><img loading=\"lazy\" decoding=\"async\" width=\"50\" height=\"38\" src=\"http:\/\/calafat.cat\/wp-content\/uploads\/2022\/05\/la-prosa-purificant-de-villalonga-2.jpeg\" alt=\"\" class=\"wp-image-2624\"\/><figcaption>El present volum \u00e9s un recull de cartes i d&#8217;articles del Lloren\u00e7 VilIalonga anterior a la guerra espanyola en el qual es reflecteix un home preocupat pels grans problemes del seu temps amb una activitat period\u00edstica, lligada a la controv\u00e8rsia i la pol\u00e8mica, orientada a renovar la seua societat.<\/figcaption><\/figure>\n\n\n\n<p><a href=\"http:\/\/calafat.cat\/index.php\/paisatge-intim-de-la-pobresa-2\/\">Paisatge \u00edntim de la pobresa<\/a><\/p>\n\n\n\n<figure class=\"wp-block-image size-full\"><img loading=\"lazy\" decoding=\"async\" width=\"50\" height=\"34\" src=\"http:\/\/calafat.cat\/wp-content\/uploads\/2022\/05\/paisatge-intim-de-la-pobresa-2.jpeg\" alt=\"\" class=\"wp-image-2625\"\/><figcaption>La novel\u00b7la&nbsp;<em>Les cendres d&#8217;\u00c0ngela<\/em>&nbsp;narra la dura infantesa del protagonista, nascut al Brooklyn dels anys trenta i criat en els suburbis de Umerick.<\/figcaption><\/figure>\n\n\n\n<p><a href=\"http:\/\/calafat.cat\/index.php\/preocupacions-duna-decada\/\">Preocupacions d&#8217;una d\u00e8cada<\/a><\/p>\n\n\n\n<figure class=\"wp-block-image size-full\"><img loading=\"lazy\" decoding=\"async\" width=\"50\" height=\"33\" src=\"http:\/\/calafat.cat\/wp-content\/uploads\/2022\/05\/preocupacions-d-una-decada-2.jpeg\" alt=\"\" class=\"wp-image-2626\"\/><figcaption>El llibre titulat&nbsp;<em>Per a qu\u00e8 serveix un escriptor?<\/em>&nbsp;es compon d&#8217;un conjunt d&#8217;articles que ha recopilat Jaume Subirana.<\/figcaption><\/figure>\n\n\n\n<p><a href=\"http:\/\/calafat.cat\/index.php\/un-bon-moment-per-a-la-narrativa-valenciana-2\/\">Un bon moment per a la narrativa valenciana<\/a><\/p>\n\n\n\n<figure class=\"wp-block-image size-full\"><img loading=\"lazy\" decoding=\"async\" width=\"50\" height=\"33\" src=\"http:\/\/calafat.cat\/wp-content\/uploads\/2022\/05\/vitalitat-de-la-lletra-impresa-2_0.jpeg\" alt=\"\" class=\"wp-image-2627\"\/><figcaption>En els \u00faltims temps la narrativa valenciana ha crescut en nombre d\u2019autors i en diversitat de temes i estils, encara que la falta d\u2019una vida liter\u00e0ria completa oculte la vitalitat que mostren els autors valencians.<\/figcaption><\/figure>\n\n\n\n<p><a href=\"http:\/\/calafat.cat\/index.php\/un-lector-competent-2\/\">Un lector competent<\/a><\/p>\n\n\n\n<figure class=\"wp-block-image size-full\"><img loading=\"lazy\" decoding=\"async\" width=\"50\" height=\"36\" src=\"http:\/\/calafat.cat\/wp-content\/uploads\/2022\/05\/un-lector-competent-2.jpeg\" alt=\"\" class=\"wp-image-2628\"\/><figcaption>En el present llibre fins ara in\u00e8dit, el poeta Josep M. Llompart estudia les dues tend\u00e8ncies oposades que dominen la poesia insular moderna: una poesia de rigor formal i d&#8217;harmonia apol\u00b7l\u00ednia, i una altra tend\u00e8ncia m\u00e9s interessada en l&#8217;aud\u00e0cia expressiva i en l&#8217;esperilt dion\u00edsiac.<\/figcaption><\/figure>\n\n\n\n<p><a href=\"http:\/\/calafat.cat\/index.php\/veus-plurals\/\">Veus plurals<\/a><\/p>\n\n\n\n<figure class=\"wp-block-image size-full\"><img loading=\"lazy\" decoding=\"async\" width=\"50\" height=\"41\" src=\"http:\/\/calafat.cat\/wp-content\/uploads\/2022\/05\/veus-plurals-2.jpeg\" alt=\"\" class=\"wp-image-2629\"\/><figcaption>Entre les \u00faltimes novetats de poesia valenciana trobem els noms de Ballester, Bess\u00f3, Trigo, Palomero i Garcia Grau. Tots ells s\u00f3n autors d\u2019una obra considerable.<\/figcaption><\/figure>\n","protected":false},"excerpt":{"rendered":"<p>Actes del primer simposi internacional de narrativa breu Anatomia de la decad\u00e8ncia Biografies imagin\u00e0ries Ciutat i literatura Dues primeres novel\u00b7les El col\u00b7leccionista d&#8217;errors El Ilarg cam\u00ed de Llu\u00eds Alpera El secret de la infelicitat El tremolor del record i la car\u00edcia Els camins plurals de la ficci\u00f3 Introducci\u00f3 a \u00abOlga\u00bb de Chiara Zocchi L&#8217;espill que &#8230; <a title=\"1998\" class=\"read-more\" href=\"https:\/\/calafat.cat\/index.php\/1998-2\/\" aria-label=\"M\u00e1s en 1998\">Leer m\u00e1s<\/a><\/p>\n","protected":false},"author":1,"featured_media":0,"parent":0,"menu_order":0,"comment_status":"closed","ping_status":"closed","template":"","meta":{"footnotes":""},"class_list":["post-2609","page","type-page","status-publish"],"_links":{"self":[{"href":"https:\/\/calafat.cat\/index.php\/wp-json\/wp\/v2\/pages\/2609","targetHints":{"allow":["GET"]}}],"collection":[{"href":"https:\/\/calafat.cat\/index.php\/wp-json\/wp\/v2\/pages"}],"about":[{"href":"https:\/\/calafat.cat\/index.php\/wp-json\/wp\/v2\/types\/page"}],"author":[{"embeddable":true,"href":"https:\/\/calafat.cat\/index.php\/wp-json\/wp\/v2\/users\/1"}],"replies":[{"embeddable":true,"href":"https:\/\/calafat.cat\/index.php\/wp-json\/wp\/v2\/comments?post=2609"}],"version-history":[{"count":11,"href":"https:\/\/calafat.cat\/index.php\/wp-json\/wp\/v2\/pages\/2609\/revisions"}],"predecessor-version":[{"id":4356,"href":"https:\/\/calafat.cat\/index.php\/wp-json\/wp\/v2\/pages\/2609\/revisions\/4356"}],"wp:attachment":[{"href":"https:\/\/calafat.cat\/index.php\/wp-json\/wp\/v2\/media?parent=2609"}],"curies":[{"name":"wp","href":"https:\/\/api.w.org\/{rel}","templated":true}]}}